{"id":57,"date":"2010-11-25T02:11:58","date_gmt":"2010-11-25T01:11:58","guid":{"rendered":"http:\/\/ecoterrescop.fr\/wordpress\/?page_id=57"},"modified":"2011-12-30T22:32:08","modified_gmt":"2011-12-30T21:32:08","slug":"materiau-terre","status":"publish","type":"page","link":"https:\/\/ecoterre-scop.fr\/?page_id=57","title":{"rendered":"Mat\u00e9riau Terre"},"content":{"rendered":"<p><a href=\"http:\/\/ecoterre-scop.fr\/wp-content\/uploads\/2010\/11\/pis\u00e9-valflaunes470-011.jpg\"><img loading=\"lazy\" decoding=\"async\" class=\"alignleft size-thumbnail wp-image-1173\" title=\"pis\u00e9-valflaunes470-01\" src=\"http:\/\/ecoterre-scop.fr\/wp-content\/uploads\/2010\/11\/pis\u00e9-valflaunes470-011-150x150.jpg\" alt=\"\" width=\"150\" height=\"150\" \/><\/a><span class=\"dropcap1\">E<\/span>coterre  scop met en \u0153uvre autant que possible des mat\u00e9riaux sains, locaux et \u00e0 faible \u00e9nergie grise. Elle est la seule entreprise du Gard \u00e0 \u00eatre sp\u00e9cialis\u00e9e dans la construction en terre. Ce mat\u00e9riau universel conna\u00eet un renouveau en France et dans le monde gr\u00e2ce \u00e0 ces propri\u00e9t\u00e9s constructives et ses qualit\u00e9s environnementales. Nos chantiers de construction en terre concernent autant des b\u00e2timents publics que des habitations priv\u00e9es. La terre est mise en \u0153uvre en mat\u00e9riau porteur (pis\u00e9, briques BTC), en mat\u00e9riau de remplissage dans une ossature bois, en parement et d\u00e9coration (enduits en terre).<br \/>\n<br \/><\/br><br \/>\n<br \/><\/br><\/p>\n<h5><strong>De l\u2019int\u00e9r\u00eat du mat\u00e9riau terre<\/strong><\/h5>\n<p><a href=\"http:\/\/ecoterre-scop.fr\/wp-content\/uploads\/2010\/11\/pis\u00e9-valflaunes470-023.jpg\"><img loading=\"lazy\" decoding=\"async\" class=\"alignright size-full wp-image-1181\" title=\"pis\u00e9-valflaunes470-02\" src=\"http:\/\/ecoterre-scop.fr\/wp-content\/uploads\/2010\/11\/pis\u00e9-valflaunes470-023.jpg\" alt=\"\" width=\"423\" height=\"360\" srcset=\"https:\/\/ecoterre-scop.fr\/wp-content\/uploads\/2010\/11\/pis\u00e9-valflaunes470-023.jpg 470w, https:\/\/ecoterre-scop.fr\/wp-content\/uploads\/2010\/11\/pis\u00e9-valflaunes470-023-300x255.jpg 300w\" sizes=\"auto, (max-width: 423px) 100vw, 423px\" \/><\/a><br \/>\n<strong>Faible co\u00fbt \u00e9nerg\u00e9tique<br \/>\n<\/strong>Peu ou pas d\u2019\u00e9nergie pour le transport<br \/>\nPeu d\u2019\u00e9nergie pour la transformation<br \/>\nPeu d\u2019\u00e9nergie pour le recyclage<\/p>\n<p><strong>Ressource renouvelable, abondante <\/strong><strong>et locale<\/strong><\/p>\n<p><strong>Mat\u00e9riau recyclable sans d\u00e9t\u00e9rioration<br \/>\n<\/strong>La nature du mat\u00e9riau reste intacte apr\u00e8s utilisation<\/p>\n<p><strong>Absence de toxicit\u00e9<\/strong><\/p>\n<p><strong>Long\u00e9vit\u00e9<\/strong><\/p>\n<p>Par sa nature le mat\u00e9riau n\u2019entre pas dans un cycle de d\u00e9g\u00e9n\u00e9rescence<\/p>\n<p><strong>R\u00e9gulateur thermique<\/strong><\/p>\n<p><strong>R\u00e9gulateur hygrom\u00e9trique<\/strong><\/p>\n<p>Peu absorber jusqu\u2019\u00e0 3 \u00e0 5 % de son poids en vapeur d\u2019eau, action interactive, action b\u00e9n\u00e9fique sur le confort, la sant\u00e9, le comportement.<br \/>\nEvite l\u2019exc\u00e8s d\u2019humidit\u00e9 qui provoque rhumatismes\u2026<br \/>\nEvite le manque d\u2019humidit\u00e9 qui entra\u00eene probl\u00e8mes oculaires, inflammatoires, respiratoires.<\/p>\n<p><strong>Perm\u00e9abilit\u00e9 \u00e0 la vapeur d\u2019eau des parois ext\u00e9rieures<\/strong><br \/>\nClimatisation d\u2019\u00e9t\u00e9, perspiration des murs, bonne diffusion de la vapeur d\u2019eau, pare vapeur et vmc inutiles.<\/p>\n<p><strong>Isolation phonique et correction acoustique<\/strong><br \/>\nIndice de correction acoustique \u00e0 550 hz\u00a0: 50 db pour un mur de 20 cm de terre fil\u00e9e.<\/p>\n<p><strong>Absorption odeurs et dissolution des graisses<br \/>\n<\/strong>Propri\u00e9t\u00e9s absorbantes des argiles, protection contre les nuisances associ\u00e9es aux ondes \u00e9lectromagn\u00e9tiques g\u00e9n\u00e9r\u00e9es par les appareils et circuits \u00e9lectriques.<\/p>\n<p><strong>Absence d\u2019\u00e9lectricit\u00e9 statique<br \/>\n<\/strong>Evite l\u2019accrochage des poussi\u00e8res aux parois.<\/p>\n<p><strong>Grande richesse polychromique<\/strong><\/p>\n<p>(Source : Joseph Colzani, <a href=\"http:\/\/archecologie.free.fr\/\" target=\"_blank\">Centre de la culture et des techniques de la Terre<\/a>, Lavalette)<\/p>\n","protected":false},"excerpt":{"rendered":"<p>scop met en \u0153uvre autant que possible des mat\u00e9riaux sains, locaux et \u00e0 faible \u00e9nergie grise. Elle est la seule entreprise du Gard \u00e0 \u00eatre sp\u00e9cialis\u00e9e dans la construction en terre. Ce mat\u00e9riau universel conna\u00eet un renouveau en France et dans le monde gr\u00e2ce \u00e0 ces propri\u00e9t\u00e9s constructives et ses qualit\u00e9s environnementales. Nos chantiers de [&hellip;]<\/p>\n","protected":false},"author":2,"featured_media":0,"parent":1517,"menu_order":1,"comment_status":"open","ping_status":"closed","template":"","meta":{"footnotes":""},"class_list":["post-57","page","type-page","status-publish","hentry"],"_links":{"self":[{"href":"https:\/\/ecoterre-scop.fr\/index.php?rest_route=\/wp\/v2\/pages\/57","targetHints":{"allow":["GET"]}}],"collection":[{"href":"https:\/\/ecoterre-scop.fr\/index.php?rest_route=\/wp\/v2\/pages"}],"about":[{"href":"https:\/\/ecoterre-scop.fr\/index.php?rest_route=\/wp\/v2\/types\/page"}],"author":[{"embeddable":true,"href":"https:\/\/ecoterre-scop.fr\/index.php?rest_route=\/wp\/v2\/users\/2"}],"replies":[{"embeddable":true,"href":"https:\/\/ecoterre-scop.fr\/index.php?rest_route=%2Fwp%2Fv2%2Fcomments&post=57"}],"version-history":[{"count":33,"href":"https:\/\/ecoterre-scop.fr\/index.php?rest_route=\/wp\/v2\/pages\/57\/revisions"}],"predecessor-version":[{"id":1572,"href":"https:\/\/ecoterre-scop.fr\/index.php?rest_route=\/wp\/v2\/pages\/57\/revisions\/1572"}],"up":[{"embeddable":true,"href":"https:\/\/ecoterre-scop.fr\/index.php?rest_route=\/wp\/v2\/pages\/1517"}],"wp:attachment":[{"href":"https:\/\/ecoterre-scop.fr\/index.php?rest_route=%2Fwp%2Fv2%2Fmedia&parent=57"}],"curies":[{"name":"wp","href":"https:\/\/api.w.org\/{rel}","templated":true}]}}